{"id":26,"date":"2021-09-15T17:18:00","date_gmt":"2021-09-15T15:18:00","guid":{"rendered":"http:\/\/www.thatsallfolk.fr\/?page_id=26"},"modified":"2023-10-04T11:35:30","modified_gmt":"2023-10-04T09:35:30","slug":"accueil-le-groupe","status":"publish","type":"page","link":"http:\/\/www.thatsallfolk.fr\/","title":{"rendered":"Le Groupe"},"content":{"rendered":"<div class=\"wp-block-image\">\n<figure class=\"aligncenter size-large\"><img decoding=\"async\" loading=\"lazy\" width=\"1024\" height=\"683\" src=\"http:\/\/www.thatsallfolk.fr\/wp-content\/uploads\/2021\/09\/2021-09-10-Thats-All-Folk-Photo-du-groupe-15-3-1024x683.jpg\" alt=\"\" class=\"wp-image-84\" srcset=\"http:\/\/www.thatsallfolk.fr\/wp-content\/uploads\/2021\/09\/2021-09-10-Thats-All-Folk-Photo-du-groupe-15-3-1024x683.jpg 1024w, http:\/\/www.thatsallfolk.fr\/wp-content\/uploads\/2021\/09\/2021-09-10-Thats-All-Folk-Photo-du-groupe-15-3-300x200.jpg 300w, http:\/\/www.thatsallfolk.fr\/wp-content\/uploads\/2021\/09\/2021-09-10-Thats-All-Folk-Photo-du-groupe-15-3-768x512.jpg 768w, http:\/\/www.thatsallfolk.fr\/wp-content\/uploads\/2021\/09\/2021-09-10-Thats-All-Folk-Photo-du-groupe-15-3-1536x1025.jpg 1536w\" sizes=\"(max-width: 1024px) 100vw, 1024px\" \/><figcaption class=\"wp-element-caption\">That&rsquo;s All Folk <\/figcaption><\/figure><\/div>\n\n\n<p class=\"has-text-align-center\">Cela fait maintenant presque 10 ans et plus de 400 concerts que That\u2019s all Folk se produit \u00e0 travers les Alpes fran\u00e7aises.<\/p>\n\n\n\n<p class=\"has-text-align-center\">Le groupe originaire de Tarentaise d\u00e9veloppe un repertoire bluegrass et folk traditionnel appuy\u00e9 par le chant et la guitare d\u2019Adrien Garlin, le banjo et la guitare de Laurent Chicoisne, la mandoline de Dorian Ricaux et la contrebasse de Michael Clement.<\/p>\n\n\n\n<p class=\"has-text-align-center\">Des grands hymnes country aux des derniers tubes radio fa\u00e7on bluegrass, le groupe sera vous surprendre par l\u2019ambiance chaleureuse et festive de ses concerts.<\/p>\n\n\n\n<p class=\"has-text-align-center\">Arrangements originaux, harmonies vocales, banjo, mandoline, guitare et contrebasse sont les ingredients de ce quartet passionn\u00e9 par la musique nord am\u00e9ricaine.<\/p>\n\n\n\n<p class=\"has-text-align-center\">That\u2019s All Folk se produit \u00e0 l\u2019ann\u00e9e dans les stations de ski de Savoie mais \u00e9galement partout en France et \u00e0 l\u2019\u00e9tranger lors d\u2019occasions exceptionnelles : inaugurations, festivals, mariages, f\u00eates priv\u00e9es\u2026<\/p>\n\n\n\n<p class=\"has-text-align-center\">N\u2019h\u00e9sitez pas \u00e0 nous contacter pour toutes demandes d\u2019informations, de disponibilit\u00e9 et devis.<\/p>\n\n\n\n<p class=\"has-text-align-center\">See you folks !<\/p>\n\n\n<div class=\"wp-block-image is-style-default\">\n<figure class=\"aligncenter size-large is-resized\"><img decoding=\"async\" loading=\"lazy\" src=\"http:\/\/www.thatsallfolk.fr\/wp-content\/uploads\/2021\/09\/2021-09-10-Thats-All-Folk-Live-11-683x1024.jpg\" alt=\"\" class=\"wp-image-55\" style=\"width:310px;height:465px\" width=\"310\" height=\"465\" srcset=\"http:\/\/www.thatsallfolk.fr\/wp-content\/uploads\/2021\/09\/2021-09-10-Thats-All-Folk-Live-11-683x1024.jpg 683w, http:\/\/www.thatsallfolk.fr\/wp-content\/uploads\/2021\/09\/2021-09-10-Thats-All-Folk-Live-11-200x300.jpg 200w, http:\/\/www.thatsallfolk.fr\/wp-content\/uploads\/2021\/09\/2021-09-10-Thats-All-Folk-Live-11-768x1151.jpg 768w, http:\/\/www.thatsallfolk.fr\/wp-content\/uploads\/2021\/09\/2021-09-10-Thats-All-Folk-Live-11-1025x1536.jpg 1025w, http:\/\/www.thatsallfolk.fr\/wp-content\/uploads\/2021\/09\/2021-09-10-Thats-All-Folk-Live-11-1366x2048.jpg 1366w, http:\/\/www.thatsallfolk.fr\/wp-content\/uploads\/2021\/09\/2021-09-10-Thats-All-Folk-Live-11-830x1244.jpg 830w, http:\/\/www.thatsallfolk.fr\/wp-content\/uploads\/2021\/09\/2021-09-10-Thats-All-Folk-Live-11-230x345.jpg 230w, http:\/\/www.thatsallfolk.fr\/wp-content\/uploads\/2021\/09\/2021-09-10-Thats-All-Folk-Live-11-350x525.jpg 350w, http:\/\/www.thatsallfolk.fr\/wp-content\/uploads\/2021\/09\/2021-09-10-Thats-All-Folk-Live-11-480x719.jpg 480w, http:\/\/www.thatsallfolk.fr\/wp-content\/uploads\/2021\/09\/2021-09-10-Thats-All-Folk-Live-11-scaled.jpg 1708w\" sizes=\"(max-width: 310px) 100vw, 310px\" \/><figcaption class=\"wp-element-caption\">Adrien Garlin &#8211; chant et guitare<\/figcaption><\/figure><\/div>\n\n<div class=\"wp-block-image\">\n<figure class=\"aligncenter size-large is-resized\"><img decoding=\"async\" loading=\"lazy\" src=\"http:\/\/www.thatsallfolk.fr\/wp-content\/uploads\/2021\/09\/2021-09-10-Thats-All-Folk-Live-136-1024x683.jpg\" alt=\"\" class=\"wp-image-56\" style=\"width:417px;height:278px\" width=\"417\" height=\"278\" srcset=\"http:\/\/www.thatsallfolk.fr\/wp-content\/uploads\/2021\/09\/2021-09-10-Thats-All-Folk-Live-136-1024x683.jpg 1024w, http:\/\/www.thatsallfolk.fr\/wp-content\/uploads\/2021\/09\/2021-09-10-Thats-All-Folk-Live-136-300x200.jpg 300w, http:\/\/www.thatsallfolk.fr\/wp-content\/uploads\/2021\/09\/2021-09-10-Thats-All-Folk-Live-136-768x512.jpg 768w, http:\/\/www.thatsallfolk.fr\/wp-content\/uploads\/2021\/09\/2021-09-10-Thats-All-Folk-Live-136-1536x1024.jpg 1536w, http:\/\/www.thatsallfolk.fr\/wp-content\/uploads\/2021\/09\/2021-09-10-Thats-All-Folk-Live-136-2048x1365.jpg 2048w, http:\/\/www.thatsallfolk.fr\/wp-content\/uploads\/2021\/09\/2021-09-10-Thats-All-Folk-Live-136-830x553.jpg 830w, http:\/\/www.thatsallfolk.fr\/wp-content\/uploads\/2021\/09\/2021-09-10-Thats-All-Folk-Live-136-230x153.jpg 230w, http:\/\/www.thatsallfolk.fr\/wp-content\/uploads\/2021\/09\/2021-09-10-Thats-All-Folk-Live-136-350x233.jpg 350w, http:\/\/www.thatsallfolk.fr\/wp-content\/uploads\/2021\/09\/2021-09-10-Thats-All-Folk-Live-136-480x320.jpg 480w\" sizes=\"(max-width: 417px) 100vw, 417px\" \/><figcaption class=\"wp-element-caption\">Laurent Chicoisne &#8211; banjo, guitare et choeurs<\/figcaption><\/figure><\/div>\n\n<div class=\"wp-block-image\">\n<figure class=\"aligncenter size-full is-resized\"><img decoding=\"async\" loading=\"lazy\" src=\"http:\/\/www.thatsallfolk.fr\/wp-content\/uploads\/2023\/10\/Dorian-5-1.jpeg\" alt=\"\" class=\"wp-image-352\" style=\"width:296px;height:445px\" width=\"296\" height=\"445\" srcset=\"http:\/\/www.thatsallfolk.fr\/wp-content\/uploads\/2023\/10\/Dorian-5-1.jpeg 599w, http:\/\/www.thatsallfolk.fr\/wp-content\/uploads\/2023\/10\/Dorian-5-1-200x300.jpeg 200w, http:\/\/www.thatsallfolk.fr\/wp-content\/uploads\/2023\/10\/Dorian-5-1-230x346.jpeg 230w, http:\/\/www.thatsallfolk.fr\/wp-content\/uploads\/2023\/10\/Dorian-5-1-350x526.jpeg 350w, http:\/\/www.thatsallfolk.fr\/wp-content\/uploads\/2023\/10\/Dorian-5-1-480x721.jpeg 480w\" sizes=\"(max-width: 296px) 100vw, 296px\" \/><figcaption class=\"wp-element-caption\">Dorian Ricaux &#8211; mandoline, guitare et choeurs<\/figcaption><\/figure><\/div>\n\n<div class=\"wp-block-image is-style-default\">\n<figure class=\"aligncenter size-large is-resized\"><img decoding=\"async\" loading=\"lazy\" src=\"http:\/\/www.thatsallfolk.fr\/wp-content\/uploads\/2023\/10\/2021-09-10-Thats-All-Folk-Live-99-683x1024.jpg\" alt=\"\" class=\"wp-image-210\" style=\"width:288px;height:431px\" width=\"288\" height=\"431\" srcset=\"http:\/\/www.thatsallfolk.fr\/wp-content\/uploads\/2023\/10\/2021-09-10-Thats-All-Folk-Live-99-683x1024.jpg 683w, http:\/\/www.thatsallfolk.fr\/wp-content\/uploads\/2023\/10\/2021-09-10-Thats-All-Folk-Live-99-200x300.jpg 200w, http:\/\/www.thatsallfolk.fr\/wp-content\/uploads\/2023\/10\/2021-09-10-Thats-All-Folk-Live-99-768x1151.jpg 768w, http:\/\/www.thatsallfolk.fr\/wp-content\/uploads\/2023\/10\/2021-09-10-Thats-All-Folk-Live-99-1025x1536.jpg 1025w, http:\/\/www.thatsallfolk.fr\/wp-content\/uploads\/2023\/10\/2021-09-10-Thats-All-Folk-Live-99-1366x2048.jpg 1366w, http:\/\/www.thatsallfolk.fr\/wp-content\/uploads\/2023\/10\/2021-09-10-Thats-All-Folk-Live-99-830x1244.jpg 830w, http:\/\/www.thatsallfolk.fr\/wp-content\/uploads\/2023\/10\/2021-09-10-Thats-All-Folk-Live-99-230x345.jpg 230w, http:\/\/www.thatsallfolk.fr\/wp-content\/uploads\/2023\/10\/2021-09-10-Thats-All-Folk-Live-99-350x525.jpg 350w, http:\/\/www.thatsallfolk.fr\/wp-content\/uploads\/2023\/10\/2021-09-10-Thats-All-Folk-Live-99-480x719.jpg 480w, http:\/\/www.thatsallfolk.fr\/wp-content\/uploads\/2023\/10\/2021-09-10-Thats-All-Folk-Live-99-scaled.jpg 1708w\" sizes=\"(max-width: 288px) 100vw, 288px\" \/><\/figure><\/div>\n\n<div class=\"wp-block-image\">\n<figure class=\"aligncenter size-full is-resized\"><img decoding=\"async\" loading=\"lazy\" src=\"http:\/\/www.thatsallfolk.fr\/wp-content\/uploads\/2021\/09\/logo-SAVAREZ.png\" alt=\"\" class=\"wp-image-52\" style=\"width:177px;height:123px\" width=\"177\" height=\"123\" srcset=\"http:\/\/www.thatsallfolk.fr\/wp-content\/uploads\/2021\/09\/logo-SAVAREZ.png 260w, http:\/\/www.thatsallfolk.fr\/wp-content\/uploads\/2021\/09\/logo-SAVAREZ-230x158.png 230w\" sizes=\"(max-width: 177px) 100vw, 177px\" \/><figcaption class=\"wp-element-caption\">That&rsquo;s All folk est soutenu par la marque de corde fran\u00e7aise <a href=\"http:\/\/www.savarez.com\" data-type=\"URL\" data-id=\"www.savarez.com\">Savarez <\/a><\/figcaption><\/figure><\/div>\n\n\n<p class=\"has-text-align-center\">Contact : 06.89.61.02.97<\/p>\n\n\n\n<p class=\"has-text-align-center\">Mail : contact@thatsallfolk.fr<\/p>\n\n\n\n<p class=\"has-text-align-center\">Photo : J\u00e9r\u00e9my Tainmont <a href=\"http:\/\/www.jeremytainmont.com\">www.jeremytainmont.com<\/a><\/p>\n\n\n\n<p class=\"has-text-align-center\">facebook : <a href=\"http:\/\/www.facebook.com\/jeremytainmontdesign\">www.facebook.com\/jeremytainmontdesign<\/a><\/p>\n\n\n\n<p> <\/p>\n\n\n\n<p>      <\/p>\n","protected":false},"excerpt":{"rendered":"<p>Cela fait maintenant presque 10 ans et plus de 400 concerts que That\u2019s all Folk se produit \u00e0 travers les Alpes fran\u00e7aises. Le groupe originaire de Tarentaise d\u00e9veloppe un repertoire bluegrass et folk traditionnel appuy\u00e9 par le chant et la guitare d\u2019Adrien Garlin, le banjo et la guitare de Laurent Chicoisne, la mandoline de Dorian [&hellip;]<\/p>\n","protected":false},"author":1,"featured_media":0,"parent":0,"menu_order":0,"comment_status":"closed","ping_status":"closed","template":"","meta":{"footnotes":""},"yoast_head":"<!-- This site is optimized with the Yoast SEO plugin v21.3 - https:\/\/yoast.com\/wordpress\/plugins\/seo\/ -->\n<title>Le Groupe - That&#039;s All Folk<\/title>\n<meta name=\"robots\" content=\"index, follow, max-snippet:-1, max-image-preview:large, max-video-preview:-1\" \/>\n<link rel=\"canonical\" href=\"https:\/\/www.thatsallfolk.fr\/\" \/>\n<meta property=\"og:locale\" content=\"fr_FR\" \/>\n<meta property=\"og:type\" content=\"article\" \/>\n<meta property=\"og:title\" content=\"Le Groupe - That&#039;s All Folk\" \/>\n<meta property=\"og:description\" content=\"Cela fait maintenant presque 10 ans et plus de 400 concerts que That\u2019s all Folk se produit \u00e0 travers les Alpes fran\u00e7aises. Le groupe originaire de Tarentaise d\u00e9veloppe un repertoire bluegrass et folk traditionnel appuy\u00e9 par le chant et la guitare d\u2019Adrien Garlin, le banjo et la guitare de Laurent Chicoisne, la mandoline de Dorian [&hellip;]\" \/>\n<meta property=\"og:url\" content=\"https:\/\/www.thatsallfolk.fr\/\" \/>\n<meta property=\"og:site_name\" content=\"That&#039;s All Folk\" \/>\n<meta property=\"article:modified_time\" content=\"2023-10-04T09:35:30+00:00\" \/>\n<meta property=\"og:image\" content=\"http:\/\/www.thatsallfolk.fr\/wp-content\/uploads\/2021\/09\/2021-09-10-Thats-All-Folk-Photo-du-groupe-15-3-1024x683.jpg\" \/>\n<meta name=\"twitter:card\" content=\"summary_large_image\" \/>\n<meta name=\"twitter:label1\" content=\"Dur\u00e9e de lecture estim\u00e9e\" \/>\n\t<meta name=\"twitter:data1\" content=\"1 minute\" \/>\n<script type=\"application\/ld+json\" class=\"yoast-schema-graph\">{\"@context\":\"https:\/\/schema.org\",\"@graph\":[{\"@type\":\"WebPage\",\"@id\":\"https:\/\/www.thatsallfolk.fr\/\",\"url\":\"https:\/\/www.thatsallfolk.fr\/\",\"name\":\"Le Groupe - That&#039;s All Folk\",\"isPartOf\":{\"@id\":\"https:\/\/www.thatsallfolk.fr\/#website\"},\"datePublished\":\"2021-09-15T15:18:00+00:00\",\"dateModified\":\"2023-10-04T09:35:30+00:00\",\"breadcrumb\":{\"@id\":\"https:\/\/www.thatsallfolk.fr\/#breadcrumb\"},\"inLanguage\":\"fr-FR\",\"potentialAction\":[{\"@type\":\"ReadAction\",\"target\":[\"https:\/\/www.thatsallfolk.fr\/\"]}]},{\"@type\":\"BreadcrumbList\",\"@id\":\"https:\/\/www.thatsallfolk.fr\/#breadcrumb\",\"itemListElement\":[{\"@type\":\"ListItem\",\"position\":1,\"name\":\"Accueil\",\"item\":\"https:\/\/www.thatsallfolk.fr\/\"},{\"@type\":\"ListItem\",\"position\":2,\"name\":\"Le Groupe\"}]},{\"@type\":\"WebSite\",\"@id\":\"https:\/\/www.thatsallfolk.fr\/#website\",\"url\":\"https:\/\/www.thatsallfolk.fr\/\",\"name\":\"That&#039;s All Folk\",\"description\":\"Bluegrass et Folk music\",\"potentialAction\":[{\"@type\":\"SearchAction\",\"target\":{\"@type\":\"EntryPoint\",\"urlTemplate\":\"https:\/\/www.thatsallfolk.fr\/?s={search_term_string}\"},\"query-input\":\"required name=search_term_string\"}],\"inLanguage\":\"fr-FR\"}]}<\/script>\n<!-- \/ Yoast SEO plugin. -->","yoast_head_json":{"title":"Le Groupe - That&#039;s All Folk","robots":{"index":"index","follow":"follow","max-snippet":"max-snippet:-1","max-image-preview":"max-image-preview:large","max-video-preview":"max-video-preview:-1"},"canonical":"https:\/\/www.thatsallfolk.fr\/","og_locale":"fr_FR","og_type":"article","og_title":"Le Groupe - That&#039;s All Folk","og_description":"Cela fait maintenant presque 10 ans et plus de 400 concerts que That\u2019s all Folk se produit \u00e0 travers les Alpes fran\u00e7aises. Le groupe originaire de Tarentaise d\u00e9veloppe un repertoire bluegrass et folk traditionnel appuy\u00e9 par le chant et la guitare d\u2019Adrien Garlin, le banjo et la guitare de Laurent Chicoisne, la mandoline de Dorian [&hellip;]","og_url":"https:\/\/www.thatsallfolk.fr\/","og_site_name":"That&#039;s All Folk","article_modified_time":"2023-10-04T09:35:30+00:00","og_image":[{"url":"http:\/\/www.thatsallfolk.fr\/wp-content\/uploads\/2021\/09\/2021-09-10-Thats-All-Folk-Photo-du-groupe-15-3-1024x683.jpg"}],"twitter_card":"summary_large_image","twitter_misc":{"Dur\u00e9e de lecture estim\u00e9e":"1 minute"},"schema":{"@context":"https:\/\/schema.org","@graph":[{"@type":"WebPage","@id":"https:\/\/www.thatsallfolk.fr\/","url":"https:\/\/www.thatsallfolk.fr\/","name":"Le Groupe - That&#039;s All Folk","isPartOf":{"@id":"https:\/\/www.thatsallfolk.fr\/#website"},"datePublished":"2021-09-15T15:18:00+00:00","dateModified":"2023-10-04T09:35:30+00:00","breadcrumb":{"@id":"https:\/\/www.thatsallfolk.fr\/#breadcrumb"},"inLanguage":"fr-FR","potentialAction":[{"@type":"ReadAction","target":["https:\/\/www.thatsallfolk.fr\/"]}]},{"@type":"BreadcrumbList","@id":"https:\/\/www.thatsallfolk.fr\/#breadcrumb","itemListElement":[{"@type":"ListItem","position":1,"name":"Accueil","item":"https:\/\/www.thatsallfolk.fr\/"},{"@type":"ListItem","position":2,"name":"Le Groupe"}]},{"@type":"WebSite","@id":"https:\/\/www.thatsallfolk.fr\/#website","url":"https:\/\/www.thatsallfolk.fr\/","name":"That&#039;s All Folk","description":"Bluegrass et Folk music","potentialAction":[{"@type":"SearchAction","target":{"@type":"EntryPoint","urlTemplate":"https:\/\/www.thatsallfolk.fr\/?s={search_term_string}"},"query-input":"required name=search_term_string"}],"inLanguage":"fr-FR"}]}},"_links":{"self":[{"href":"http:\/\/www.thatsallfolk.fr\/index.php?rest_route=\/wp\/v2\/pages\/26"}],"collection":[{"href":"http:\/\/www.thatsallfolk.fr\/index.php?rest_route=\/wp\/v2\/pages"}],"about":[{"href":"http:\/\/www.thatsallfolk.fr\/index.php?rest_route=\/wp\/v2\/types\/page"}],"author":[{"embeddable":true,"href":"http:\/\/www.thatsallfolk.fr\/index.php?rest_route=\/wp\/v2\/users\/1"}],"replies":[{"embeddable":true,"href":"http:\/\/www.thatsallfolk.fr\/index.php?rest_route=%2Fwp%2Fv2%2Fcomments&post=26"}],"version-history":[{"count":19,"href":"http:\/\/www.thatsallfolk.fr\/index.php?rest_route=\/wp\/v2\/pages\/26\/revisions"}],"predecessor-version":[{"id":388,"href":"http:\/\/www.thatsallfolk.fr\/index.php?rest_route=\/wp\/v2\/pages\/26\/revisions\/388"}],"wp:attachment":[{"href":"http:\/\/www.thatsallfolk.fr\/index.php?rest_route=%2Fwp%2Fv2%2Fmedia&parent=26"}],"curies":[{"name":"wp","href":"https:\/\/api.w.org\/{rel}","templated":true}]}}